{"id":1149,"date":"2018-08-31T14:43:33","date_gmt":"2018-08-31T17:43:33","guid":{"rendered":"https:\/\/isef27-sfe.infd.edu.ar\/sitio\/adscripciones\/"},"modified":"2026-02-18T10:30:50","modified_gmt":"2026-02-18T13:30:50","slug":"adscripciones","status":"publish","type":"page","link":"https:\/\/isef27-sfe.infd.edu.ar\/sitio\/adscripciones\/","title":{"rendered":"Adscripciones"},"content":{"rendered":"<div dir=\"auto\">ISEF N 27 informa a la comunidad educativa que:<br \/>\nDel 05\/03 al 20\/03\/26 se realizar\u00e1 la preinscripci\u00f3n online a los trayectos formativos de adscripciones 2026 desde el Formulario de Solicitud que se encontrar\u00e1 disponible en esta p\u00e1gina. Luego, se proceder\u00e1 a considerar la viabilidad de dicho trayecto con los\/as docentes y se comunicar\u00e1 la resoluci\u00f3n v\u00eda e-mail a los\/as interesados\/as.<br \/>\nDe ser aceptada la propuesta, deber\u00e1n enviar una copia de este formulario hasta antes del 27\/03\/26 a <a href=\"mailto:capacitacion.isef27@gmail.com\">capacitacion.isef27@gmail.com<\/a><br \/>\nAsimismo, deber\u00e1n imprimir y presentar este formulario en la Secretar\u00eda del ISEF N\u00b027 junto con las fotocopias autenticadas del:<br \/>\n1- DNI,<br \/>\n2- T\u00edtulo y<br \/>\n3- Antecedentes en el espacio o subespacio en el que se inscriben (excluyente).<br \/>\nSe recomienda la lectura comprensiva del Reglamento de adscripciones (link debajo), donde se enmarcan y especifican las caracter\u00edsticas, responsabilidades, obligaciones e implicancias de este proceso de formaci\u00f3n docente, las funciones tanto del docente del espacio y\/o subespacio como las funciones del profesor adscripto.<br \/>\nAs\u00ed como tambi\u00e9n, se solicita que tengan presentes las Pautas de presentaci\u00f3n de Informes finales tanto para el primer como para el segundo a\u00f1o de adscripciones.<\/div>\n<div dir=\"auto\">\n<p>Les recomendamos la lectura comprensiva del Reglamento de adscripciones, donde se enmarcan y especifican las caracter\u00edsticas, responsabilidades, obligaciones e implicancias de este proceso de formaci\u00f3n docente, las funciones tanto del profesor del espacio y\/o sub espacio como las funciones del profesor adscripto.<\/p>\n<\/div>\n<h3 dir=\"auto\" style=\"text-align: center;\"><a href=\"https:\/\/isef27-sfe.infd.edu.ar\/sitio\/wp-content\/uploads\/2025\/03\/REGLAMENTO-ADSCRIPCIONES-ISEF-27.pdf\">REGLAMENTO ADSCRIPCIONES<\/a><\/h3>\n<h4 style=\"text-align: center;\"><a href=\"https:\/\/docs.google.com\/forms\/d\/1mi8T9uGSR8KTral4PVfHkQXnHZv6_ZuxpEovFEaXFHw\/edit?chromeless=1\">FORMULARIO SOLICITUD PRE INSCRIPCION ADSCRIPCIONES<\/a><\/h4>\n","protected":false},"excerpt":{"rendered":"<p>ISEF N 27 informa a la comunidad educativa que: Del 05\/03 al 20\/03\/26 se realizar\u00e1 la preinscripci\u00f3n online a los trayectos formativos de adscripciones 2026 desde el Formulario de Solicitud que se encontrar\u00e1 disponible en esta p\u00e1gina. Luego, se proceder\u00e1 a considerar la viabilidad de dicho trayecto con los\/as docentes y se comunicar\u00e1 la resoluci\u00f3n &#8230; <a title=\"Adscripciones\" class=\"read-more\" href=\"https:\/\/isef27-sfe.infd.edu.ar\/sitio\/adscripciones\/\" aria-label=\"More on Adscripciones\">[+]<\/a><\/p>\n","protected":false},"author":165,"featured_media":0,"parent":0,"menu_order":0,"comment_status":"closed","ping_status":"closed","template":"","meta":[],"acf":[],"_links":{"self":[{"href":"https:\/\/isef27-sfe.infd.edu.ar\/sitio\/wp-json\/wp\/v2\/pages\/1149"}],"collection":[{"href":"https:\/\/isef27-sfe.infd.edu.ar\/sitio\/wp-json\/wp\/v2\/pages"}],"about":[{"href":"https:\/\/isef27-sfe.infd.edu.ar\/sitio\/wp-json\/wp\/v2\/types\/page"}],"author":[{"embeddable":true,"href":"https:\/\/isef27-sfe.infd.edu.ar\/sitio\/wp-json\/wp\/v2\/users\/165"}],"replies":[{"embeddable":true,"href":"https:\/\/isef27-sfe.infd.edu.ar\/sitio\/wp-json\/wp\/v2\/comments?post=1149"}],"version-history":[{"count":55,"href":"https:\/\/isef27-sfe.infd.edu.ar\/sitio\/wp-json\/wp\/v2\/pages\/1149\/revisions"}],"predecessor-version":[{"id":5342,"href":"https:\/\/isef27-sfe.infd.edu.ar\/sitio\/wp-json\/wp\/v2\/pages\/1149\/revisions\/5342"}],"wp:attachment":[{"href":"https:\/\/isef27-sfe.infd.edu.ar\/sitio\/wp-json\/wp\/v2\/media?parent=1149"}],"curies":[{"name":"wp","href":"https:\/\/api.w.org\/{rel}","templated":true}]}}