{"id":1116,"date":"2018-08-31T14:43:21","date_gmt":"2018-08-31T17:43:21","guid":{"rendered":"https:\/\/isef27-sfe.infd.edu.ar\/sitio\/normativas-y-reglamentaciones\/"},"modified":"2025-10-22T21:48:15","modified_gmt":"2025-10-23T00:48:15","slug":"normativas-y-reglamentaciones","status":"publish","type":"page","link":"https:\/\/isef27-sfe.infd.edu.ar\/sitio\/normativas-y-reglamentaciones\/","title":{"rendered":"Normativas y Reglamentaciones"},"content":{"rendered":"\n<h2 class=\"wp-block-heading\"><\/h2>\n\n\n\n<h5 class=\"wp-block-heading\">Punto 1.- Dcto 696\/01: <\/h5>\n\n\n\n<h5 class=\"wp-block-heading\">En el Plan de Estudios de la Carrera de Profesorado de Educaci\u00f3n F\u00edsica.<\/h5>\n\n\n\n<h5 class=\"wp-block-heading\">Existen tres formatos de espacios curriculares, denominados materias, seminarios y talleres. <\/h5>\n\n\n\n<h5 class=\"wp-block-heading\">Cuentan con tres categor\u00edas de alumnos:<\/h5>\n\n\n\n<pre class=\"wp-block-preformatted\"><strong>&nbsp;A)- LIBRES&nbsp; &nbsp;B)- REGULARES CON&nbsp;CURSADO SEMI PRESENCIAL C)- REGULARES CON CURSADO PRESENCIAL&nbsp;<\/strong><\/pre>\n\n\n\n<p>Para cada una de estas categor\u00edas se determinan las siguientes condiciones de regularizaci\u00f3n, evaluaci\u00f3n y promoci\u00f3n:<\/p>\n\n\n\n<p>2.1 Libre: sin asistencia a clase, sin realizaci\u00f3n de trabajos pr\u00e1cticos. La aprobaci\u00f3n del espacio correspondiente ser\u00e1 por ex\u00e1menes final ante tribunal. Bajo esta condici\u00f3n de alumno se tiene solo tres turnos de ex\u00e1menes, inici\u00e1ndose en julio del a\u00f1o matriculado y finalizando en febrero\/marzo del siguiente a\u00f1o. EXIGENCIA<\/p>\n\n\n\n<p>2.3 Regular con cursado semipresencial: regulariza el cursado de las materias mediante el cumplimiento del 40% de la asistencia a clases, la aprobaci\u00f3n del 100% de los trabajos pr\u00e1cticos. La aprobaci\u00f3n ser\u00e1 con examen final ante tribunal. EXIGENCIA<\/p>\n\n\n\n<p>2.2 Regular con cursado presencial: cumplimiento del 75% de la asistencia a clases, la aprobaci\u00f3n del 70% de los trabajos pr\u00e1cticos. La aprobaci\u00f3n ser\u00e1 con examen final ante tribunal o por promoci\u00f3n directa, esta \u00faltima requerir\u00e1 una calificaci\u00f3n de 4 o superior y el 100% de los Trabajos pr\u00e1cticos aprobados.<\/p>\n\n\n\n<ul>\n<li>La opci\u00f3n de la modalidad de cursado podr\u00e1 elegirse al momento de la matriculaci\u00f3n en las fechas previstas por calendario por la direcci\u00f3n del establecimiento.<\/li>\n\n\n\n<li>La condici\u00f3n de modalidad elegida de cursado es por espacio.<\/li>\n\n\n\n<li>El cambio de condici\u00f3n de cursado se podr\u00e1 realizar hasta el d\u00eda 30 DE SEPTIEMBRE DEL A\u00d1O EN CURSO, por nota, finalizado este per\u00edodo no se podr\u00e1 realizar modificaciones.<\/li>\n\n\n\n<li>El alumno no podr\u00e1 recursar un subespacio o espacio curricular hasta agotar todos los turnos de llamados de ex\u00e1menes establecidos seg\u00fan la condici\u00f3n de alumno obtada.<\/li>\n\n\n\n<li>Los recursantes que recursan un subespacio no podr\u00e1n promocionar el mismo.<\/li>\n<\/ul>\n\n\n\n<p>En caso de que el alumno durante el cursado como presencial o semi- presencial, quede libre\u201d, NO TENDR\u00c1 DERECHO A EXAMEN Y DEBER\u00c1 RECURSAR EL ESPACIO COMPLETO.<\/p>\n\n\n\n<p>En el caso que solicite un cambio de condici\u00f3n de cursado en los tiempos establecidos por reglamento, se dar\u00e1 lugar al cambio de condici\u00f3n en el Espacio completo. Si la condici\u00f3n de cambio solicitada fuera la de LIBRE, se considerar\u00e1 \u201ca los efectos administrativos\u201d libre en el espacio curricular completo por elecci\u00f3n lo cual le permite disponer de los turnos de examen de julio0 y diciembre del a\u00f1o en curso y del turno de marzo del a\u00f1o siguiente.<\/p>\n\n\n\n<p>Quedar\u00e1n exceptuados de esta norma los siguientes espacios. Curriculares, los cuales solo podr\u00e1n cursarse en condici\u00f3n de regular presencial que son de cursado presencial obligatorio<em>. <\/em>&nbsp; &nbsp; &nbsp; &nbsp; &nbsp; &nbsp; &nbsp; &nbsp; &nbsp; &nbsp; &nbsp; &nbsp; &nbsp; &nbsp; &nbsp; &nbsp; &nbsp; &nbsp; &nbsp; &nbsp; &nbsp; &nbsp; &nbsp;<\/p>\n\n\n\n<ul>\n<li><em>Taller docente I, II, III y IV,<\/em><\/li>\n\n\n\n<li><em>Formaci\u00f3n Motriz II<\/em><\/li>\n\n\n\n<li><em>Psicolog\u00eda del ni\u00f1o y del adolescente.<\/em><\/li>\n\n\n\n<li><em>Psicolog\u00eda del adulto y la 3\u00ba edad&nbsp;&nbsp;<\/em><\/li>\n\n\n\n<li><em>Seminario de Integraci\u00f3n y S\u00edntesis<\/em>.<\/li>\n\n\n\n<li><em>ECO<\/em><\/li>\n\n\n\n<li><em>EDI<\/em><\/li>\n<\/ul>\n\n\n\n<p>NOTA:LA CONDICI\u00d3NDELIBRE EN CUALQUIERA DE ESTOS ESPACIOS OBLIGA AL ALUMNO A RECURSAR LOS MISMOS AL A\u00d1O SIGUIENTE.<\/p>\n\n\n\n<p>En caso de quedar libre por sobrepasar el 25% de inasistencias debido a razones de enfermedad, trabajo, o causa debidamente justificada. el alumno podr\u00e1 solicitar una ampliaci\u00f3n hasta el del 40% de inasistencia, el cual se otorgar\u00e1 teniendo en cuenta las justificaci\u00f3n que halla presentado en tiempo y forma, tal solicitud podr\u00e1 realizarse hasta el 31 de octubre del a\u00f1o del a\u00f1o que este cursando.<\/p>\n\n\n\n<p>IMPORTANTE:<\/p>\n\n\n\n<ul>\n<li>Los alumnos inscriptos en la condici\u00f3n de libre, podr\u00e1n solicitar el cambio de condici\u00f3n solamente durante el primer mes de clase. Luego podr\u00e1 hacerlo por nota justificando el cambio, esta ser\u00e1 considerada&nbsp; a partir de sus argumentos por la direcci\u00f3n del establecimiento.<\/li>\n\n\n\n<li>Los alumnos inscriptos como regulares con cursado presencial o semi presencial, que una vez comenzado el per\u00edodo de clases, no pudieran reunir las condiciones exigidas por la categor\u00eda de su elecci\u00f3n por razones graves personales o Laborales, podr\u00e1n solicitar cambio de categor\u00eda para pasar a otra condici\u00f3n seg\u00fan sea el caso.&nbsp; Para lo cual la solicitud deber\u00e1 formularse por escrito explicando las razones que la motivan, acompa\u00f1ada de las certificaciones o constancias que avalen el pedido.<\/li>\n<\/ul>\n","protected":false},"excerpt":{"rendered":"<p>Punto 1.- Dcto 696\/01: En el Plan de Estudios de la Carrera de Profesorado de Educaci\u00f3n F\u00edsica. Existen tres formatos de espacios curriculares, denominados materias, seminarios y talleres. Cuentan con tres categor\u00edas de alumnos: &nbsp;A)- LIBRES&nbsp; &nbsp;B)- REGULARES CON&nbsp;CURSADO SEMI PRESENCIAL C)- REGULARES CON CURSADO PRESENCIAL&nbsp; Para cada una de estas categor\u00edas se determinan las &#8230; <a title=\"Normativas y Reglamentaciones\" class=\"read-more\" href=\"https:\/\/isef27-sfe.infd.edu.ar\/sitio\/normativas-y-reglamentaciones\/\" aria-label=\"More on Normativas y Reglamentaciones\">[+]<\/a><\/p>\n","protected":false},"author":165,"featured_media":0,"parent":0,"menu_order":0,"comment_status":"closed","ping_status":"closed","template":"","meta":[],"acf":[],"_links":{"self":[{"href":"https:\/\/isef27-sfe.infd.edu.ar\/sitio\/wp-json\/wp\/v2\/pages\/1116"}],"collection":[{"href":"https:\/\/isef27-sfe.infd.edu.ar\/sitio\/wp-json\/wp\/v2\/pages"}],"about":[{"href":"https:\/\/isef27-sfe.infd.edu.ar\/sitio\/wp-json\/wp\/v2\/types\/page"}],"author":[{"embeddable":true,"href":"https:\/\/isef27-sfe.infd.edu.ar\/sitio\/wp-json\/wp\/v2\/users\/165"}],"replies":[{"embeddable":true,"href":"https:\/\/isef27-sfe.infd.edu.ar\/sitio\/wp-json\/wp\/v2\/comments?post=1116"}],"version-history":[{"count":5,"href":"https:\/\/isef27-sfe.infd.edu.ar\/sitio\/wp-json\/wp\/v2\/pages\/1116\/revisions"}],"predecessor-version":[{"id":5024,"href":"https:\/\/isef27-sfe.infd.edu.ar\/sitio\/wp-json\/wp\/v2\/pages\/1116\/revisions\/5024"}],"wp:attachment":[{"href":"https:\/\/isef27-sfe.infd.edu.ar\/sitio\/wp-json\/wp\/v2\/media?parent=1116"}],"curies":[{"name":"wp","href":"https:\/\/api.w.org\/{rel}","templated":true}]}}